{"id":3308,"date":"2024-07-12T09:19:29","date_gmt":"2024-07-12T09:19:29","guid":{"rendered":"https:\/\/dolomiten.it\/?page_id=3308"},"modified":"2024-07-30T08:33:12","modified_gmt":"2024-07-30T08:33:12","slug":"sarab","status":"publish","type":"page","link":"https:\/\/dolomiten.it\/de\/sarab\/","title":{"rendered":"Sara Bazzanella: \u201eDie ,Dolomiten\u2018 geh\u00f6ren f\u00fcr mich zur Allgemeinbildung\u201c"},"content":{"rendered":"<p><img loading=\"lazy\" decoding=\"async\" class=\"alignleft size-full wp-image-3426\" src=\"https:\/\/dolomiten.it\/wp-content\/uploads\/2024\/07\/1920x1080px_Stol_Artikelbild_SaraB_Testimonial_Dolo.jpg\" alt=\"\" width=\"1920\" height=\"1080\" srcset=\"https:\/\/dolomiten.it\/wp-content\/uploads\/2024\/07\/1920x1080px_Stol_Artikelbild_SaraB_Testimonial_Dolo.jpg 1920w, https:\/\/dolomiten.it\/wp-content\/uploads\/2024\/07\/1920x1080px_Stol_Artikelbild_SaraB_Testimonial_Dolo-1536x864.jpg 1536w, https:\/\/dolomiten.it\/wp-content\/uploads\/2024\/07\/1920x1080px_Stol_Artikelbild_SaraB_Testimonial_Dolo-350x197.jpg 350w, https:\/\/dolomiten.it\/wp-content\/uploads\/2024\/07\/1920x1080px_Stol_Artikelbild_SaraB_Testimonial_Dolo-570x321.jpg 570w\" sizes=\"auto, (max-width: 1920px) 100vw, 1920px\" \/><\/p>\n<p>Sara Bazzanella ist eine starke, junge Frau \u2013 das l\u00e4sst auch ihr Beruf vermuten. Sie arbeitet n\u00e4mlich im elterlichen Betrieb Bazzanella Metall in Leifers als Schlosserin, Seite an Seite mit zumeist m\u00e4nnlichen Kollegen.<\/p>\n<p>Gerne tauscht sich Sara \u00fcber das aktuelle Geschehen im Land und auf der Welt aus, weshalb sie aufmerksam die \u201eDolomiten\u201c liest: \u201eSie bieten mir alle ben\u00f6tigten Informationen, ich <strong>erfahre jeden Tag etwas Neues<\/strong>. Das ist super, um <strong>mit den Menschen besser ins Gespr\u00e4ch zu kommen<\/strong> und zu wissen, was auf der Welt und im eigenen Land vor sich geht.\u201c<\/p>\n","protected":false},"excerpt":{"rendered":"<p>Sara Bazzanella ist eine starke, junge Frau \u2013 das l\u00e4sst auch ihr Beruf vermuten. Sie arbeitet n\u00e4mlich im elterlichen Betrieb&#8230;<\/p>\n","protected":false},"author":7,"featured_media":0,"parent":0,"menu_order":0,"comment_status":"closed","ping_status":"closed","template":"","meta":{"_acf_changed":false,"footnotes":""},"class_list":["post-3308","page","type-page","status-publish","hentry"],"acf":[],"yoast_head":"<!-- This site is optimized with the Yoast SEO plugin v27.5 - https:\/\/yoast.com\/product\/yoast-seo-wordpress\/ -->\n<title>Sara Bazzanella: \u201eDie ,Dolomiten\u2018 geh\u00f6ren f\u00fcr mich zur Allgemeinbildung\u201c - \u201eDolomiten\u201c<\/title>\n<meta name=\"robots\" content=\"index, follow, max-snippet:-1, max-image-preview:large, max-video-preview:-1\" \/>\n<link rel=\"canonical\" href=\"https:\/\/dolomiten.it\/de\/sarab\/\" \/>\n<meta property=\"og:locale\" content=\"de_DE\" \/>\n<meta property=\"og:type\" content=\"article\" \/>\n<meta property=\"og:title\" content=\"Sara Bazzanella: \u201eDie ,Dolomiten\u2018 geh\u00f6ren f\u00fcr mich zur Allgemeinbildung\u201c - \u201eDolomiten\u201c\" \/>\n<meta property=\"og:description\" content=\"Sara Bazzanella ist eine starke, junge Frau \u2013 das l\u00e4sst auch ihr Beruf vermuten. Sie arbeitet n\u00e4mlich im elterlichen Betrieb...\" \/>\n<meta property=\"og:url\" content=\"https:\/\/dolomiten.it\/de\/sarab\/\" \/>\n<meta property=\"og:site_name\" content=\"\u201eDolomiten\u201c\" \/>\n<meta property=\"article:modified_time\" content=\"2024-07-30T08:33:12+00:00\" \/>\n<meta property=\"og:image\" content=\"https:\/\/dolomiten.it\/wp-content\/uploads\/2024\/07\/1920x1080px_Stol_Artikelbild_SaraB_Testimonial_Dolo.jpg\" \/>\n<meta name=\"twitter:card\" content=\"summary_large_image\" \/>\n<meta name=\"twitter:label1\" content=\"Gesch\u00e4tzte Lesezeit\" \/>\n\t<meta name=\"twitter:data1\" content=\"1\u00a0Minute\" \/>\n<script type=\"application\/ld+json\" class=\"yoast-schema-graph\">{\"@context\":\"https:\\\/\\\/schema.org\",\"@graph\":[{\"@type\":\"WebPage\",\"@id\":\"https:\\\/\\\/dolomiten.it\\\/de\\\/sarab\\\/\",\"url\":\"https:\\\/\\\/dolomiten.it\\\/de\\\/sarab\\\/\",\"name\":\"Sara Bazzanella: \u201eDie ,Dolomiten\u2018 geh\u00f6ren f\u00fcr mich zur Allgemeinbildung\u201c - \u201eDolomiten\u201c\",\"isPartOf\":{\"@id\":\"https:\\\/\\\/dolomiten.it\\\/de\\\/#website\"},\"primaryImageOfPage\":{\"@id\":\"https:\\\/\\\/dolomiten.it\\\/de\\\/sarab\\\/#primaryimage\"},\"image\":{\"@id\":\"https:\\\/\\\/dolomiten.it\\\/de\\\/sarab\\\/#primaryimage\"},\"thumbnailUrl\":\"https:\\\/\\\/dolomiten.it\\\/wp-content\\\/uploads\\\/2024\\\/07\\\/1920x1080px_Stol_Artikelbild_SaraB_Testimonial_Dolo.jpg\",\"datePublished\":\"2024-07-12T09:19:29+00:00\",\"dateModified\":\"2024-07-30T08:33:12+00:00\",\"breadcrumb\":{\"@id\":\"https:\\\/\\\/dolomiten.it\\\/de\\\/sarab\\\/#breadcrumb\"},\"inLanguage\":\"de\",\"potentialAction\":[{\"@type\":\"ReadAction\",\"target\":[\"https:\\\/\\\/dolomiten.it\\\/de\\\/sarab\\\/\"]}]},{\"@type\":\"ImageObject\",\"inLanguage\":\"de\",\"@id\":\"https:\\\/\\\/dolomiten.it\\\/de\\\/sarab\\\/#primaryimage\",\"url\":\"https:\\\/\\\/dolomiten.it\\\/wp-content\\\/uploads\\\/2024\\\/07\\\/1920x1080px_Stol_Artikelbild_SaraB_Testimonial_Dolo.jpg\",\"contentUrl\":\"https:\\\/\\\/dolomiten.it\\\/wp-content\\\/uploads\\\/2024\\\/07\\\/1920x1080px_Stol_Artikelbild_SaraB_Testimonial_Dolo.jpg\"},{\"@type\":\"BreadcrumbList\",\"@id\":\"https:\\\/\\\/dolomiten.it\\\/de\\\/sarab\\\/#breadcrumb\",\"itemListElement\":[{\"@type\":\"ListItem\",\"position\":1,\"name\":\"Startseite\",\"item\":\"https:\\\/\\\/dolomiten.it\\\/de\\\/\"},{\"@type\":\"ListItem\",\"position\":2,\"name\":\"Sara Bazzanella: \u201eDie ,Dolomiten\u2018 geh\u00f6ren f\u00fcr mich zur Allgemeinbildung\u201c\"}]},{\"@type\":\"WebSite\",\"@id\":\"https:\\\/\\\/dolomiten.it\\\/de\\\/#website\",\"url\":\"https:\\\/\\\/dolomiten.it\\\/de\\\/\",\"name\":\"\u201eDolomiten\u201c\",\"description\":\"Das Tagblatt der S\u00fcdtiroler\",\"potentialAction\":[{\"@type\":\"SearchAction\",\"target\":{\"@type\":\"EntryPoint\",\"urlTemplate\":\"https:\\\/\\\/dolomiten.it\\\/de\\\/?s={search_term_string}\"},\"query-input\":{\"@type\":\"PropertyValueSpecification\",\"valueRequired\":true,\"valueName\":\"search_term_string\"}}],\"inLanguage\":\"de\"}]}<\/script>\n<!-- \/ Yoast SEO plugin. -->","yoast_head_json":{"title":"Sara Bazzanella: \u201eDie ,Dolomiten\u2018 geh\u00f6ren f\u00fcr mich zur Allgemeinbildung\u201c - \u201eDolomiten\u201c","robots":{"index":"index","follow":"follow","max-snippet":"max-snippet:-1","max-image-preview":"max-image-preview:large","max-video-preview":"max-video-preview:-1"},"canonical":"https:\/\/dolomiten.it\/de\/sarab\/","og_locale":"de_DE","og_type":"article","og_title":"Sara Bazzanella: \u201eDie ,Dolomiten\u2018 geh\u00f6ren f\u00fcr mich zur Allgemeinbildung\u201c - \u201eDolomiten\u201c","og_description":"Sara Bazzanella ist eine starke, junge Frau \u2013 das l\u00e4sst auch ihr Beruf vermuten. Sie arbeitet n\u00e4mlich im elterlichen Betrieb...","og_url":"https:\/\/dolomiten.it\/de\/sarab\/","og_site_name":"\u201eDolomiten\u201c","article_modified_time":"2024-07-30T08:33:12+00:00","og_image":[{"url":"https:\/\/dolomiten.it\/wp-content\/uploads\/2024\/07\/1920x1080px_Stol_Artikelbild_SaraB_Testimonial_Dolo.jpg","type":"","width":"","height":""}],"twitter_card":"summary_large_image","twitter_misc":{"Gesch\u00e4tzte Lesezeit":"1\u00a0Minute"},"schema":{"@context":"https:\/\/schema.org","@graph":[{"@type":"WebPage","@id":"https:\/\/dolomiten.it\/de\/sarab\/","url":"https:\/\/dolomiten.it\/de\/sarab\/","name":"Sara Bazzanella: \u201eDie ,Dolomiten\u2018 geh\u00f6ren f\u00fcr mich zur Allgemeinbildung\u201c - \u201eDolomiten\u201c","isPartOf":{"@id":"https:\/\/dolomiten.it\/de\/#website"},"primaryImageOfPage":{"@id":"https:\/\/dolomiten.it\/de\/sarab\/#primaryimage"},"image":{"@id":"https:\/\/dolomiten.it\/de\/sarab\/#primaryimage"},"thumbnailUrl":"https:\/\/dolomiten.it\/wp-content\/uploads\/2024\/07\/1920x1080px_Stol_Artikelbild_SaraB_Testimonial_Dolo.jpg","datePublished":"2024-07-12T09:19:29+00:00","dateModified":"2024-07-30T08:33:12+00:00","breadcrumb":{"@id":"https:\/\/dolomiten.it\/de\/sarab\/#breadcrumb"},"inLanguage":"de","potentialAction":[{"@type":"ReadAction","target":["https:\/\/dolomiten.it\/de\/sarab\/"]}]},{"@type":"ImageObject","inLanguage":"de","@id":"https:\/\/dolomiten.it\/de\/sarab\/#primaryimage","url":"https:\/\/dolomiten.it\/wp-content\/uploads\/2024\/07\/1920x1080px_Stol_Artikelbild_SaraB_Testimonial_Dolo.jpg","contentUrl":"https:\/\/dolomiten.it\/wp-content\/uploads\/2024\/07\/1920x1080px_Stol_Artikelbild_SaraB_Testimonial_Dolo.jpg"},{"@type":"BreadcrumbList","@id":"https:\/\/dolomiten.it\/de\/sarab\/#breadcrumb","itemListElement":[{"@type":"ListItem","position":1,"name":"Startseite","item":"https:\/\/dolomiten.it\/de\/"},{"@type":"ListItem","position":2,"name":"Sara Bazzanella: \u201eDie ,Dolomiten\u2018 geh\u00f6ren f\u00fcr mich zur Allgemeinbildung\u201c"}]},{"@type":"WebSite","@id":"https:\/\/dolomiten.it\/de\/#website","url":"https:\/\/dolomiten.it\/de\/","name":"\u201eDolomiten\u201c","description":"Das Tagblatt der S\u00fcdtiroler","potentialAction":[{"@type":"SearchAction","target":{"@type":"EntryPoint","urlTemplate":"https:\/\/dolomiten.it\/de\/?s={search_term_string}"},"query-input":{"@type":"PropertyValueSpecification","valueRequired":true,"valueName":"search_term_string"}}],"inLanguage":"de"}]}},"_links":{"self":[{"href":"https:\/\/dolomiten.it\/de\/wp-json\/wp\/v2\/pages\/3308","targetHints":{"allow":["GET"]}}],"collection":[{"href":"https:\/\/dolomiten.it\/de\/wp-json\/wp\/v2\/pages"}],"about":[{"href":"https:\/\/dolomiten.it\/de\/wp-json\/wp\/v2\/types\/page"}],"author":[{"embeddable":true,"href":"https:\/\/dolomiten.it\/de\/wp-json\/wp\/v2\/users\/7"}],"replies":[{"embeddable":true,"href":"https:\/\/dolomiten.it\/de\/wp-json\/wp\/v2\/comments?post=3308"}],"version-history":[{"count":6,"href":"https:\/\/dolomiten.it\/de\/wp-json\/wp\/v2\/pages\/3308\/revisions"}],"predecessor-version":[{"id":3504,"href":"https:\/\/dolomiten.it\/de\/wp-json\/wp\/v2\/pages\/3308\/revisions\/3504"}],"wp:attachment":[{"href":"https:\/\/dolomiten.it\/de\/wp-json\/wp\/v2\/media?parent=3308"}],"curies":[{"name":"wp","href":"https:\/\/api.w.org\/{rel}","templated":true}]}}