{"id":3296,"date":"2024-07-12T08:18:18","date_gmt":"2024-07-12T08:18:18","guid":{"rendered":"https:\/\/dolomiten.it\/?page_id=3296"},"modified":"2024-07-30T08:35:05","modified_gmt":"2024-07-30T08:35:05","slug":"konrad","status":"publish","type":"page","link":"https:\/\/dolomiten.it\/de\/konrad\/","title":{"rendered":"Konrad G\u00f6tsch: \u201eDoppelt h\u00e4lt besser\u201c"},"content":{"rendered":"<p><img loading=\"lazy\" decoding=\"async\" class=\"alignleft size-full wp-image-3422\" src=\"https:\/\/dolomiten.it\/wp-content\/uploads\/2024\/07\/1920x1080px_Stol_Artikelbild_KonradGoetsch_Testimonial_Dolo.jpg\" alt=\"\" width=\"1920\" height=\"1080\" srcset=\"https:\/\/dolomiten.it\/wp-content\/uploads\/2024\/07\/1920x1080px_Stol_Artikelbild_KonradGoetsch_Testimonial_Dolo.jpg 1920w, https:\/\/dolomiten.it\/wp-content\/uploads\/2024\/07\/1920x1080px_Stol_Artikelbild_KonradGoetsch_Testimonial_Dolo-1536x864.jpg 1536w, https:\/\/dolomiten.it\/wp-content\/uploads\/2024\/07\/1920x1080px_Stol_Artikelbild_KonradGoetsch_Testimonial_Dolo-350x197.jpg 350w, https:\/\/dolomiten.it\/wp-content\/uploads\/2024\/07\/1920x1080px_Stol_Artikelbild_KonradGoetsch_Testimonial_Dolo-570x321.jpg 570w\" sizes=\"auto, (max-width: 1920px) 100vw, 1920px\" \/><\/p>\n<p>Konrad G\u00f6tsch aus Naturns ist Gesch\u00e4ftsf\u00fchrer der Seilbahn Unterstell. \u00a0Zu seinem Alltag geh\u00f6rt das Lesen der \u201eDolomiten\u201c wie das Z\u00e4hneputzen am Morgen. Kurz: Es ist Routine.<\/p>\n<p>Jeder Tag beginnt f\u00fcr Konrad mit den neuesten Nachrichten im <strong>E-Paper-Format auf dem Handy<\/strong>. \u201eDie ganze Familie liest am Morgen die Schlagzeilen &#8211; das ist sehr praktisch. Mein Enkel mit aktuell 9 Jahren wartet jeden Tag sehns\u00fcchtig auf die \u201aDolomiten\u2018, um diese zu lesen. Mein Schwager steht sogar daf\u00fcr um <strong>5 Uhr auf<\/strong>, sobald das E-Paper abrufbar ist\u201c, erkl\u00e4rt Konrad.<\/p>\n<p>Sp\u00e4ter am Tag wird die gedruckte Zeitung nochmal genauer gelesen: \u201eF\u00fcr mich ist es wichtig, die <strong>Zeitung in gedruckter Form in den H\u00e4nden<\/strong> zu halten, durchzubl\u00e4ttern und den ein oder anderen Artikel genauer anzuschauen.\u201c<\/p>\n","protected":false},"excerpt":{"rendered":"<p>Konrad G\u00f6tsch aus Naturns ist Gesch\u00e4ftsf\u00fchrer der Seilbahn Unterstell. \u00a0Zu seinem Alltag geh\u00f6rt das Lesen der \u201eDolomiten\u201c wie das Z\u00e4hneputzen&#8230;<\/p>\n","protected":false},"author":7,"featured_media":0,"parent":0,"menu_order":0,"comment_status":"closed","ping_status":"closed","template":"","meta":{"_acf_changed":false,"footnotes":""},"class_list":["post-3296","page","type-page","status-publish","hentry"],"acf":[],"yoast_head":"<!-- This site is optimized with the Yoast SEO plugin v27.5 - https:\/\/yoast.com\/product\/yoast-seo-wordpress\/ -->\n<title>Konrad G\u00f6tsch: \u201eDoppelt h\u00e4lt besser\u201c - \u201eDolomiten\u201c<\/title>\n<meta name=\"robots\" content=\"index, follow, max-snippet:-1, max-image-preview:large, max-video-preview:-1\" \/>\n<link rel=\"canonical\" href=\"https:\/\/dolomiten.it\/de\/konrad\/\" \/>\n<meta property=\"og:locale\" content=\"de_DE\" \/>\n<meta property=\"og:type\" content=\"article\" \/>\n<meta property=\"og:title\" content=\"Konrad G\u00f6tsch: \u201eDoppelt h\u00e4lt besser\u201c - \u201eDolomiten\u201c\" \/>\n<meta property=\"og:description\" content=\"Konrad G\u00f6tsch aus Naturns ist Gesch\u00e4ftsf\u00fchrer der Seilbahn Unterstell. \u00a0Zu seinem Alltag geh\u00f6rt das Lesen der \u201eDolomiten\u201c wie das Z\u00e4hneputzen...\" \/>\n<meta property=\"og:url\" content=\"https:\/\/dolomiten.it\/de\/konrad\/\" \/>\n<meta property=\"og:site_name\" content=\"\u201eDolomiten\u201c\" \/>\n<meta property=\"article:modified_time\" content=\"2024-07-30T08:35:05+00:00\" \/>\n<meta property=\"og:image\" content=\"https:\/\/dolomiten.it\/wp-content\/uploads\/2024\/07\/1920x1080px_Stol_Artikelbild_KonradGoetsch_Testimonial_Dolo.jpg\" \/>\n<meta name=\"twitter:card\" content=\"summary_large_image\" \/>\n<meta name=\"twitter:label1\" content=\"Gesch\u00e4tzte Lesezeit\" \/>\n\t<meta name=\"twitter:data1\" content=\"1\u00a0Minute\" \/>\n<script type=\"application\/ld+json\" class=\"yoast-schema-graph\">{\"@context\":\"https:\\\/\\\/schema.org\",\"@graph\":[{\"@type\":\"WebPage\",\"@id\":\"https:\\\/\\\/dolomiten.it\\\/de\\\/konrad\\\/\",\"url\":\"https:\\\/\\\/dolomiten.it\\\/de\\\/konrad\\\/\",\"name\":\"Konrad G\u00f6tsch: \u201eDoppelt h\u00e4lt besser\u201c - \u201eDolomiten\u201c\",\"isPartOf\":{\"@id\":\"https:\\\/\\\/dolomiten.it\\\/de\\\/#website\"},\"primaryImageOfPage\":{\"@id\":\"https:\\\/\\\/dolomiten.it\\\/de\\\/konrad\\\/#primaryimage\"},\"image\":{\"@id\":\"https:\\\/\\\/dolomiten.it\\\/de\\\/konrad\\\/#primaryimage\"},\"thumbnailUrl\":\"https:\\\/\\\/dolomiten.it\\\/wp-content\\\/uploads\\\/2024\\\/07\\\/1920x1080px_Stol_Artikelbild_KonradGoetsch_Testimonial_Dolo.jpg\",\"datePublished\":\"2024-07-12T08:18:18+00:00\",\"dateModified\":\"2024-07-30T08:35:05+00:00\",\"breadcrumb\":{\"@id\":\"https:\\\/\\\/dolomiten.it\\\/de\\\/konrad\\\/#breadcrumb\"},\"inLanguage\":\"de\",\"potentialAction\":[{\"@type\":\"ReadAction\",\"target\":[\"https:\\\/\\\/dolomiten.it\\\/de\\\/konrad\\\/\"]}]},{\"@type\":\"ImageObject\",\"inLanguage\":\"de\",\"@id\":\"https:\\\/\\\/dolomiten.it\\\/de\\\/konrad\\\/#primaryimage\",\"url\":\"https:\\\/\\\/dolomiten.it\\\/wp-content\\\/uploads\\\/2024\\\/07\\\/1920x1080px_Stol_Artikelbild_KonradGoetsch_Testimonial_Dolo.jpg\",\"contentUrl\":\"https:\\\/\\\/dolomiten.it\\\/wp-content\\\/uploads\\\/2024\\\/07\\\/1920x1080px_Stol_Artikelbild_KonradGoetsch_Testimonial_Dolo.jpg\"},{\"@type\":\"BreadcrumbList\",\"@id\":\"https:\\\/\\\/dolomiten.it\\\/de\\\/konrad\\\/#breadcrumb\",\"itemListElement\":[{\"@type\":\"ListItem\",\"position\":1,\"name\":\"Startseite\",\"item\":\"https:\\\/\\\/dolomiten.it\\\/de\\\/\"},{\"@type\":\"ListItem\",\"position\":2,\"name\":\"Konrad G\u00f6tsch: \u201eDoppelt h\u00e4lt besser\u201c\"}]},{\"@type\":\"WebSite\",\"@id\":\"https:\\\/\\\/dolomiten.it\\\/de\\\/#website\",\"url\":\"https:\\\/\\\/dolomiten.it\\\/de\\\/\",\"name\":\"\u201eDolomiten\u201c\",\"description\":\"Das Tagblatt der S\u00fcdtiroler\",\"potentialAction\":[{\"@type\":\"SearchAction\",\"target\":{\"@type\":\"EntryPoint\",\"urlTemplate\":\"https:\\\/\\\/dolomiten.it\\\/de\\\/?s={search_term_string}\"},\"query-input\":{\"@type\":\"PropertyValueSpecification\",\"valueRequired\":true,\"valueName\":\"search_term_string\"}}],\"inLanguage\":\"de\"}]}<\/script>\n<!-- \/ Yoast SEO plugin. -->","yoast_head_json":{"title":"Konrad G\u00f6tsch: \u201eDoppelt h\u00e4lt besser\u201c - \u201eDolomiten\u201c","robots":{"index":"index","follow":"follow","max-snippet":"max-snippet:-1","max-image-preview":"max-image-preview:large","max-video-preview":"max-video-preview:-1"},"canonical":"https:\/\/dolomiten.it\/de\/konrad\/","og_locale":"de_DE","og_type":"article","og_title":"Konrad G\u00f6tsch: \u201eDoppelt h\u00e4lt besser\u201c - \u201eDolomiten\u201c","og_description":"Konrad G\u00f6tsch aus Naturns ist Gesch\u00e4ftsf\u00fchrer der Seilbahn Unterstell. \u00a0Zu seinem Alltag geh\u00f6rt das Lesen der \u201eDolomiten\u201c wie das Z\u00e4hneputzen...","og_url":"https:\/\/dolomiten.it\/de\/konrad\/","og_site_name":"\u201eDolomiten\u201c","article_modified_time":"2024-07-30T08:35:05+00:00","og_image":[{"url":"https:\/\/dolomiten.it\/wp-content\/uploads\/2024\/07\/1920x1080px_Stol_Artikelbild_KonradGoetsch_Testimonial_Dolo.jpg","type":"","width":"","height":""}],"twitter_card":"summary_large_image","twitter_misc":{"Gesch\u00e4tzte Lesezeit":"1\u00a0Minute"},"schema":{"@context":"https:\/\/schema.org","@graph":[{"@type":"WebPage","@id":"https:\/\/dolomiten.it\/de\/konrad\/","url":"https:\/\/dolomiten.it\/de\/konrad\/","name":"Konrad G\u00f6tsch: \u201eDoppelt h\u00e4lt besser\u201c - \u201eDolomiten\u201c","isPartOf":{"@id":"https:\/\/dolomiten.it\/de\/#website"},"primaryImageOfPage":{"@id":"https:\/\/dolomiten.it\/de\/konrad\/#primaryimage"},"image":{"@id":"https:\/\/dolomiten.it\/de\/konrad\/#primaryimage"},"thumbnailUrl":"https:\/\/dolomiten.it\/wp-content\/uploads\/2024\/07\/1920x1080px_Stol_Artikelbild_KonradGoetsch_Testimonial_Dolo.jpg","datePublished":"2024-07-12T08:18:18+00:00","dateModified":"2024-07-30T08:35:05+00:00","breadcrumb":{"@id":"https:\/\/dolomiten.it\/de\/konrad\/#breadcrumb"},"inLanguage":"de","potentialAction":[{"@type":"ReadAction","target":["https:\/\/dolomiten.it\/de\/konrad\/"]}]},{"@type":"ImageObject","inLanguage":"de","@id":"https:\/\/dolomiten.it\/de\/konrad\/#primaryimage","url":"https:\/\/dolomiten.it\/wp-content\/uploads\/2024\/07\/1920x1080px_Stol_Artikelbild_KonradGoetsch_Testimonial_Dolo.jpg","contentUrl":"https:\/\/dolomiten.it\/wp-content\/uploads\/2024\/07\/1920x1080px_Stol_Artikelbild_KonradGoetsch_Testimonial_Dolo.jpg"},{"@type":"BreadcrumbList","@id":"https:\/\/dolomiten.it\/de\/konrad\/#breadcrumb","itemListElement":[{"@type":"ListItem","position":1,"name":"Startseite","item":"https:\/\/dolomiten.it\/de\/"},{"@type":"ListItem","position":2,"name":"Konrad G\u00f6tsch: \u201eDoppelt h\u00e4lt besser\u201c"}]},{"@type":"WebSite","@id":"https:\/\/dolomiten.it\/de\/#website","url":"https:\/\/dolomiten.it\/de\/","name":"\u201eDolomiten\u201c","description":"Das Tagblatt der S\u00fcdtiroler","potentialAction":[{"@type":"SearchAction","target":{"@type":"EntryPoint","urlTemplate":"https:\/\/dolomiten.it\/de\/?s={search_term_string}"},"query-input":{"@type":"PropertyValueSpecification","valueRequired":true,"valueName":"search_term_string"}}],"inLanguage":"de"}]}},"_links":{"self":[{"href":"https:\/\/dolomiten.it\/de\/wp-json\/wp\/v2\/pages\/3296","targetHints":{"allow":["GET"]}}],"collection":[{"href":"https:\/\/dolomiten.it\/de\/wp-json\/wp\/v2\/pages"}],"about":[{"href":"https:\/\/dolomiten.it\/de\/wp-json\/wp\/v2\/types\/page"}],"author":[{"embeddable":true,"href":"https:\/\/dolomiten.it\/de\/wp-json\/wp\/v2\/users\/7"}],"replies":[{"embeddable":true,"href":"https:\/\/dolomiten.it\/de\/wp-json\/wp\/v2\/comments?post=3296"}],"version-history":[{"count":12,"href":"https:\/\/dolomiten.it\/de\/wp-json\/wp\/v2\/pages\/3296\/revisions"}],"predecessor-version":[{"id":3505,"href":"https:\/\/dolomiten.it\/de\/wp-json\/wp\/v2\/pages\/3296\/revisions\/3505"}],"wp:attachment":[{"href":"https:\/\/dolomiten.it\/de\/wp-json\/wp\/v2\/media?parent=3296"}],"curies":[{"name":"wp","href":"https:\/\/api.w.org\/{rel}","templated":true}]}}